{"id":760,"date":"2025-12-16T14:28:46","date_gmt":"2025-12-16T13:28:46","guid":{"rendered":"https:\/\/lespiedsdansleplateau.fr\/?page_id=760"},"modified":"2025-12-16T14:29:55","modified_gmt":"2025-12-16T13:29:55","slug":"anarchives","status":"publish","type":"page","link":"https:\/\/lespiedsdansleplateau.fr\/index.php\/anarchives\/","title":{"rendered":"Anarchives"},"content":{"rendered":"\t\t\t<style type=\"text\/css\"><\/style>\n\t\t\t<div id=\"pp-podcast-936\" class=\"pp-podcast has-header header-hidden has-featured playerview media-audio\"  data-teaser=\"\" data-elength=\"18\" data-eunit=\"\" data-ppsdata=\"{&quot;ppe-936-1&quot;:{&quot;title&quot;:&quot;Anarchives #6&quot;,&quot;description&quot;:&quot;&lt;p&gt;Dans l\\u2019\\u00e9mission Anarchives, on donne la parole aux personnes anarchistesou soup\\u00e7onn\\u00e9es d\\u2019anarchismes au XIXe et d\\u00e9but XXe dans l\\u2019Ain. Nous nousappuyons sur le travail de recherche r\\u00e9alis\\u00e9 par la CLA (Coordinationdes Libertaires de L\\u2019Ain) et retranscrite dans leur journal L\\u2019\\u00e9clat \\u00e0partir des Archives D\\u00e9partementales de l\\u2019Ain.Vous entendrez dans cette \\u00e9mission le portrait de S\\u00e9bastien Faure&lt;\\\/p&gt;\\n&quot;,&quot;author&quot;:&quot;Les pieds dans le plateau&quot;,&quot;date&quot;:&quot;12 mars 2024&quot;,&quot;link&quot;:&quot;https:\\\/\\\/audioblog.arteradio.com\\\/blog\\\/196960\\\/podcast\\\/223681&quot;,&quot;src&quot;:&quot;https:\\\/\\\/sons-audioblogs.arte.tv\\\/audioblogs\\\/v2\\\/sons\\\/196960\\\/223681\\\/podcast_223681_0Hy39.mp3&quot;,&quot;featured&quot;:&quot;https:\\\/\\\/lespiedsdansleplateau.fr\\\/wp-content\\\/uploads\\\/2025\\\/12\\\/origin_223681_5SxG6-768x435.jpeg&quot;,&quot;featured_id&quot;:762,&quot;mediatype&quot;:&quot;audio&quot;,&quot;season&quot;:0,&quot;categories&quot;:[],&quot;duration&quot;:&quot;25:01&quot;,&quot;episodetype&quot;:&quot;full&quot;,&quot;timestamp&quot;:1710282541,&quot;key&quot;:&quot;2757b9519de8e526ae26b0e0d9f78e07&quot;,&quot;fset&quot;:&quot;https:\\\/\\\/lespiedsdansleplateau.fr\\\/wp-content\\\/uploads\\\/2025\\\/12\\\/origin_223681_5SxG6-768x435.jpeg 768w, https:\\\/\\\/lespiedsdansleplateau.fr\\\/wp-content\\\/uploads\\\/2025\\\/12\\\/origin_223681_5SxG6-300x170.jpeg 300w, https:\\\/\\\/lespiedsdansleplateau.fr\\\/wp-content\\\/uploads\\\/2025\\\/12\\\/origin_223681_5SxG6-1024x580.jpeg 1024w, https:\\\/\\\/lespiedsdansleplateau.fr\\\/wp-content\\\/uploads\\\/2025\\\/12\\\/origin_223681_5SxG6.jpeg 1200w&quot;,&quot;fratio&quot;:0.5671875},&quot;ppe-936-2&quot;:{&quot;title&quot;:&quot;Anarchives #5&quot;,&quot;description&quot;:&quot;&lt;p&gt;Dans l\\u2019\\u00e9mission Anarchives, on donne la parole aux personnes anarchistes ou soup\\u00e7onn\\u00e9es d\\u2019anarchismes au XIXe et d\\u00e9but XXe dans l\\u2019Ain. Nous nous appuyons sur le travail de recherche r\\u00e9alis\\u00e9 par la CLA (Coordination des Libertaires de L\\u2019Ain) et retranscrite dans leur journal L\\u2019\\u00e9clat \\u00e0 partir des Archives D\\u00e9partementales de l\\u2019Ain. Vous entendrez dans cette \\u00e9mission les portraits de Vanel, Soudien, Vitre,Cayr\\u00e9.&lt;\\\/p&gt;\\n&quot;,&quot;author&quot;:&quot;Les pieds dans le plateau&quot;,&quot;date&quot;:&quot;14 janvier 2024&quot;,&quot;link&quot;:&quot;https:\\\/\\\/audioblog.arteradio.com\\\/blog\\\/196960\\\/podcast\\\/219339&quot;,&quot;src&quot;:&quot;https:\\\/\\\/sons-audioblogs.arte.tv\\\/audioblogs\\\/v2\\\/sons\\\/196960\\\/219339\\\/podcast_219339_0StY5.mp3&quot;,&quot;featured&quot;:&quot;https:\\\/\\\/sons-audioblogs.arte.tv\\\/audioblogs\\\/v2\\\/sons\\\/196960\\\/219339\\\/origin_219339_xAq54.jpeg&quot;,&quot;featured_id&quot;:0,&quot;mediatype&quot;:&quot;audio&quot;,&quot;season&quot;:0,&quot;categories&quot;:[],&quot;duration&quot;:&quot;16:57&quot;,&quot;episodetype&quot;:&quot;full&quot;,&quot;timestamp&quot;:1705246210,&quot;key&quot;:&quot;963a1d30acd642ca8f47c3ac3711b5aa&quot;,&quot;fset&quot;:&quot;&quot;,&quot;fratio&quot;:1},&quot;ppe-936-3&quot;:{&quot;title&quot;:&quot;Anarchives #4&quot;,&quot;description&quot;:&quot;&lt;p&gt;Dans l\\u2019\\u00e9mission Anarchives, on donne la parole aux personnes anarchistes ou soup\\u00e7onn\\u00e9es d\\u2019anarchismes au XIXe et d\\u00e9but XXe dans l\\u2019Ain. Nous nous appuyons sur le travail de recherche r\\u00e9alis\\u00e9 par la CLA (Coordination des Libertaires de L\\u2019Ain) et retranscrite dans leur journal L\\u2019\\u00e9clat \\u00e0 partir des Archives D\\u00e9partementales de l\\u2019Ain. Vous entendrez dans cette \\u00e9mission le portrait de S\\u00e9raphine Pajaud.&lt;\\\/p&gt;\\n&quot;,&quot;author&quot;:&quot;Les pieds dans le plateau&quot;,&quot;date&quot;:&quot;28 novembre 2023&quot;,&quot;link&quot;:&quot;https:\\\/\\\/audioblog.arteradio.com\\\/blog\\\/196960\\\/podcast\\\/216416&quot;,&quot;src&quot;:&quot;https:\\\/\\\/sons-audioblogs.arte.tv\\\/audioblogs\\\/v2\\\/sons\\\/196960\\\/216416\\\/podcast_216416_gLwIj.mp3&quot;,&quot;featured&quot;:&quot;https:\\\/\\\/sons-audioblogs.arte.tv\\\/audioblogs\\\/v2\\\/sons\\\/196960\\\/216416\\\/origin_216416_4IvKq.jpeg&quot;,&quot;featured_id&quot;:0,&quot;mediatype&quot;:&quot;audio&quot;,&quot;season&quot;:0,&quot;categories&quot;:[],&quot;duration&quot;:&quot;19:31&quot;,&quot;episodetype&quot;:&quot;full&quot;,&quot;timestamp&quot;:1701204691,&quot;key&quot;:&quot;57f3db45000a92813212ddfca7c23ac5&quot;,&quot;fset&quot;:&quot;&quot;,&quot;fratio&quot;:1},&quot;ppe-936-4&quot;:{&quot;title&quot;:&quot;Anarchives #3&quot;,&quot;description&quot;:&quot;&lt;p&gt;Dans l\\u2019\\u00e9mission Anarchives, on donne la parole aux personnes anarchistes ou soup\\u00e7onn\\u00e9es d\\u2019anarchismes au XIXe et d\\u00e9but XXe dans l\\u2019Ain. Nous nous appuyons sur le travail de recherche r\\u00e9alis\\u00e9 par la CLA (Coordination des Libertaires de L\\u2019Ain) et retranscrite dans leur journal L\\u2019\\u00e9clat \\u00e0 partir des Archives D\\u00e9partementales de l\\u2019Ain. Vous entendrez dans cette \\u00e9mission les portraits de Aubert, Baffone Isidore, Bili Georges, Bouchayer Marie, Fayot Joseph, Fouquet Anne, Pautet Fran\\u00e7ois, Schaeffli.&lt;\\\/p&gt;\\n&quot;,&quot;author&quot;:&quot;Les pieds dans le plateau&quot;,&quot;date&quot;:&quot;6 juin 2023&quot;,&quot;link&quot;:&quot;https:\\\/\\\/audioblog.arteradio.com\\\/blog\\\/196960\\\/podcast\\\/206515&quot;,&quot;src&quot;:&quot;https:\\\/\\\/sons-audioblogs.arte.tv\\\/audioblogs\\\/v2\\\/sons\\\/196960\\\/206515\\\/podcast_206515_oPfT2.mp3&quot;,&quot;featured&quot;:&quot;https:\\\/\\\/sons-audioblogs.arte.tv\\\/audioblogs\\\/v2\\\/sons\\\/196960\\\/206515\\\/origin_206515_lExQ4.jpeg&quot;,&quot;featured_id&quot;:0,&quot;mediatype&quot;:&quot;audio&quot;,&quot;season&quot;:0,&quot;categories&quot;:[],&quot;duration&quot;:&quot;21:50&quot;,&quot;episodetype&quot;:&quot;full&quot;,&quot;timestamp&quot;:1686038711,&quot;key&quot;:&quot;c3b9390a4ad31bf2d4551afbad60030e&quot;,&quot;fset&quot;:&quot;&quot;,&quot;fratio&quot;:1},&quot;ppe-936-5&quot;:{&quot;title&quot;:&quot;Anarchives #2&quot;,&quot;description&quot;:&quot;&lt;p&gt;Dans l\\u2019\\u00e9mission Anarchives, on donne la parole aux personnes anarchistes ou soup\\u00e7onn\\u00e9es d\\u2019anarchismes au XIXe et d\\u00e9but XXe dans l\\u2019Ain. Nous nous appuyons sur le travail de recherche r\\u00e9alis\\u00e9 par la CLA (Coordination des Libertaires de L\\u2019Ain) et retranscrite dans leur journal L\\u2019\\u00e9clat \\u00e0 partir des Archives D\\u00e9partementales de l\\u2019Ain. Vous entendrez dans cette \\u00e9mission le portrait de Henri Antoine Ducart traqu\\u00e9 pendant 18 ans par les services de Police.&lt;\\\/p&gt;\\n&quot;,&quot;author&quot;:&quot;Les pieds dans le plateau&quot;,&quot;date&quot;:&quot;20 avril 2023&quot;,&quot;link&quot;:&quot;https:\\\/\\\/audioblog.arteradio.com\\\/blog\\\/196960\\\/podcast\\\/203000&quot;,&quot;src&quot;:&quot;https:\\\/\\\/sons-audioblogs.arte.tv\\\/audioblogs\\\/v2\\\/sons\\\/196960\\\/203000\\\/podcast_203000_2Yp9x.mp3&quot;,&quot;featured&quot;:&quot;https:\\\/\\\/sons-audioblogs.arte.tv\\\/audioblogs\\\/v2\\\/sons\\\/196960\\\/203000\\\/origin_203000_fYj9r.png&quot;,&quot;featured_id&quot;:0,&quot;mediatype&quot;:&quot;audio&quot;,&quot;season&quot;:0,&quot;categories&quot;:[],&quot;duration&quot;:&quot;08:22&quot;,&quot;episodetype&quot;:&quot;full&quot;,&quot;timestamp&quot;:1681982319,&quot;key&quot;:&quot;73c6d3e9c2733482855a5ccebd0a89ab&quot;,&quot;fset&quot;:&quot;&quot;,&quot;fratio&quot;:1},&quot;ppe-936-6&quot;:{&quot;title&quot;:&quot;Anarchives #1&quot;,&quot;description&quot;:&quot;&lt;p&gt;Dans l\\u2019\\u00e9mission Anarchives, on donne la parole aux personnes anarchistes ou soup\\u00e7onn\\u00e9es d\\u2019anarchismes au XIXe et d\\u00e9but XXe dans l\\u2019Ain. Nous nous appuyons sur le travail de recherche r\\u00e9alis\\u00e9 par la CLA (Coordination des Libertaires de L\\u2019Ain) et retranscrite dans leur journal L\\u2019\\u00e9clat \\u00e0 partir des Archives D\\u00e9partementales de l\\u2019Ain. Vous entendrez dans cette \\u00e9mission les portraits de Gavard Jean-Marie, Giffart Charles Victor, Ginet Jean-Louis, Gravier Th\\u00e9ophile Martin, Gu\\u00e9rin Jean, Guillet Anthelme, Guillot Fran\\u00e7ois, H\\u00e9din Philogone Fran\\u00e7ois, Houdon Eug\\u00e8ne Emile.&lt;\\\/p&gt;\\n&quot;,&quot;author&quot;:&quot;Les pieds dans le plateau&quot;,&quot;date&quot;:&quot;20 avril 2023&quot;,&quot;link&quot;:&quot;https:\\\/\\\/audioblog.arteradio.com\\\/blog\\\/196960\\\/podcast\\\/202991&quot;,&quot;src&quot;:&quot;https:\\\/\\\/sons-audioblogs.arte.tv\\\/audioblogs\\\/v2\\\/sons\\\/196960\\\/202991\\\/podcast_202991_nGgO7.mp3&quot;,&quot;featured&quot;:&quot;https:\\\/\\\/sons-audioblogs.arte.tv\\\/audioblogs\\\/v2\\\/sons\\\/196960\\\/202991\\\/origin_202991_0JxJc.png&quot;,&quot;featured_id&quot;:0,&quot;mediatype&quot;:&quot;audio&quot;,&quot;season&quot;:0,&quot;categories&quot;:[],&quot;duration&quot;:&quot;19:43&quot;,&quot;episodetype&quot;:&quot;full&quot;,&quot;timestamp&quot;:1681981048,&quot;key&quot;:&quot;bf3187e4c68a4b07159ff48d0d775b9e&quot;,&quot;fset&quot;:&quot;&quot;,&quot;fratio&quot;:1},&quot;load_info&quot;:{&quot;loaded&quot;:6,&quot;displayed&quot;:10,&quot;offset&quot;:0,&quot;maxItems&quot;:6,&quot;src&quot;:&quot;d7c8cb3190147f282d8c01e1cee58f3d&quot;,&quot;step&quot;:10,&quot;sortby&quot;:&quot;sort_date_desc&quot;,&quot;filterby&quot;:&quot;Anarchive&quot;,&quot;fixed&quot;:&quot;&quot;,&quot;args&quot;:{&quot;imgurl&quot;:&quot;https:\\\/\\\/back-audioblog.arteradio.com\\\/sites\\\/default\\\/files\\\/pictures\\\/origin_196960_g5wBj.jpg&quot;,&quot;imgset&quot;:&quot;&quot;,&quot;display&quot;:&quot;&quot;,&quot;hddesc&quot;:0,&quot;hdfeat&quot;:0,&quot;oricov&quot;:&quot;https:\\\/\\\/back-audioblog.arteradio.com\\\/sites\\\/default\\\/files\\\/pictures\\\/origin_196960_g5wBj.jpg&quot;,&quot;elength&quot;:18}},&quot;rdata&quot;:{&quot;permalink&quot;:&quot;https:\\\/\\\/lespiedsdansleplateau.fr\\\/wp-json\\\/wp\\\/v2\\\/pages\\\/760&quot;,&quot;fprint&quot;:&quot;d7c8cb3190147f282d8c01e1cee58f3d&quot;,&quot;from&quot;:&quot;feedurl&quot;,&quot;elen&quot;:18,&quot;eunit&quot;:&quot;&quot;,&quot;teaser&quot;:&quot;&quot;,&quot;title&quot;:&quot;Les pieds dans le plateau&quot;,&quot;autoplay&quot;:&quot;autoplay&quot;}}\"><div class=\"pp-podcast__wrapper\"><div class=\"pp-podcast__info pod-info\"><div class=\"pod-info__header pod-header\"><div class=\"pod-header__image\"><div class=\"pod-header__image-wrapper\"><img decoding=\"async\" class=\"podcast-cover-image\" src=\"https:\/\/back-audioblog.arteradio.com\/sites\/default\/files\/pictures\/origin_196960_g5wBj.jpg\" srcset=\"\" sizes=\"(max-width: 640px) 100vw, 25vw\" alt=\"Les pieds dans le plateau\"><\/div><span class=\"pod-header__image-style\" style=\"display: block; width: 100%; padding-top: 100%\"><\/div><div class=\"pod-header__items pod-items\"><div class=\"pod-items__title\">Les pieds dans le plateau<\/div><div class=\"pod-items__desc\"><p>Et si on faisait de la radio ?Une vingtaine de personnes ont d\u00e9cid\u00e9 de cr\u00e9er une radio associative et libre dans le Bugey. Suivez leurs p\u00e9r\u00e9grinations radiophoniques !<\/p>\n<\/div><\/div><\/div><\/div><div class=\"pp-podcast__content pod-content\"><div class=\"pp-podcast__single\"><div class=\"pp-podcast__player\"><div class=\"pp-player-episode\"><audio id=\"pp-podcast-936-player\" preload=\"none\" class=\"pp-podcast-episode\" style=\"width: 100%;\" controls=\"controls\"><source type=\"audio\/mpeg\" src=\"https:\/\/sons-audioblogs.arte.tv\/audioblogs\/v2\/sons\/196960\/223681\/podcast_223681_0Hy39.mp3\" \/><\/audio><\/div><\/div><div class=\"pod-content__episode episode-single\"><button class=\"episode-single__close\" aria-expanded=\"false\" aria-label=\"Close Single Episode\"><span class=\"btn-icon-wrap\"><svg class=\"icon icon-pp-x\" aria-hidden=\"true\" role=\"img\" focusable=\"false\"><use href=\"#icon-pp-x\" xlink:href=\"#icon-pp-x\"><\/use><\/svg><\/span><\/button><div class=\"episode-single__wrapper\"><div class=\"episode-single__header\"><div class=\"episode-single__title\">Anarchives #6<\/div><div class=\"episode-single__author\"><span class=\"byname\">by<\/span><span class=\"single-author\">Les pieds dans le plateau<\/span><\/div><\/div><div class=\"episode-single__description\"><p>Dans l\u2019\u00e9mission Anarchives, on donne la parole aux personnes anarchistesou soup\u00e7onn\u00e9es d\u2019anarchismes au XIXe et d\u00e9but XXe dans l\u2019Ain. Nous nousappuyons sur le travail de recherche r\u00e9alis\u00e9 par la CLA (Coordinationdes Libertaires de L\u2019Ain) et retranscrite dans leur journal L\u2019\u00e9clat \u00e0partir des Archives D\u00e9partementales de l\u2019Ain.Vous entendrez dans cette \u00e9mission le portrait de S\u00e9bastien Faure<\/p><\/div><\/div><div class=\"ppjs__img-wrapper \"><div class=\"ppjs__img-btn-cover\"><img decoding=\"async\" class=\"ppjs__img-btn\" src=\"https:\/\/lespiedsdansleplateau.fr\/wp-content\/uploads\/2025\/12\/origin_223681_5SxG6-768x435.jpeg\" srcset=\"https:\/\/lespiedsdansleplateau.fr\/wp-content\/uploads\/2025\/12\/origin_223681_5SxG6-768x435.jpeg 768w, https:\/\/lespiedsdansleplateau.fr\/wp-content\/uploads\/2025\/12\/origin_223681_5SxG6-300x170.jpeg 300w, https:\/\/lespiedsdansleplateau.fr\/wp-content\/uploads\/2025\/12\/origin_223681_5SxG6-1024x580.jpeg 1024w, https:\/\/lespiedsdansleplateau.fr\/wp-content\/uploads\/2025\/12\/origin_223681_5SxG6.jpeg 1200w\" sizes=\"(max-width: 640px) 100vw, 300px\" alt=\"Anarchives #6\"><\/div><div><span class=\"ppjs__img-btn-style\" style=\"display: block; width: 100%; padding-top: 56.71875%\"><\/div><\/div><\/div><\/div><div class=\"pod-content__list episode-list\"><div class=\"episode-list__filters\"><div class=\"episode-list__search\"><label class=\"label-episode-search\"><span class=\"ppjs__offscreen\">Search Episodes<\/span><input type=\"text\" placeholder=\"Search Episodes\" title=\"Search Podcast Episodes\"\/><\/label><span class=\"episode-list__search-icon\"><svg class=\"icon icon-pp-search\" aria-hidden=\"true\" role=\"img\" focusable=\"false\"><use href=\"#icon-pp-search\" xlink:href=\"#icon-pp-search\"><\/use><\/svg><\/span><\/div><button class=\"episode-list__clear-search pod-button\"><svg class=\"icon icon-pp-x\" aria-hidden=\"true\" role=\"img\" focusable=\"false\"><use href=\"#icon-pp-x\" xlink:href=\"#icon-pp-x\"><\/use><\/svg><span class=\"ppjs__offscreen\">Clear Search<\/span><\/button><\/div><div class=\"episode-list__wrapper\">\n<div id=\"ppe-936-1\" class=\"episode-list__entry pod-entry\" data-search-term=\"anarchives #6\" data-cats=\"\">\n\t<div class=\"pod-entry__wrapper\">\n\t\t<div class=\"pod-entry__content\">\n\t\t\t<div class=\"pod-entry__title\">\n\t\t\t\t<a href=\"https:\/\/audioblog.arteradio.com\/blog\/196960\/podcast\/223681\">Anarchives #6<\/a>\n\t\t\t<\/div>\n\t\t\t<div class=\"pod-entry__date\">12 mars 2024<\/div>\n\t\t\t\t\t\t\t<div class=\"pod-entry__author\">Les pieds dans le plateau<\/div>\n\t\t\t\t\t<\/div>\n\t<\/div>\n<\/div>\n\n<div id=\"ppe-936-2\" class=\"episode-list__entry pod-entry\" data-search-term=\"anarchives #5\" data-cats=\"\">\n\t<div class=\"pod-entry__wrapper\">\n\t\t<div class=\"pod-entry__content\">\n\t\t\t<div class=\"pod-entry__title\">\n\t\t\t\t<a href=\"https:\/\/audioblog.arteradio.com\/blog\/196960\/podcast\/219339\">Anarchives #5<\/a>\n\t\t\t<\/div>\n\t\t\t<div class=\"pod-entry__date\">14 janvier 2024<\/div>\n\t\t\t\t\t\t\t<div class=\"pod-entry__author\">Les pieds dans le plateau<\/div>\n\t\t\t\t\t<\/div>\n\t<\/div>\n<\/div>\n\n<div id=\"ppe-936-3\" class=\"episode-list__entry pod-entry\" data-search-term=\"anarchives #4\" data-cats=\"\">\n\t<div class=\"pod-entry__wrapper\">\n\t\t<div class=\"pod-entry__content\">\n\t\t\t<div class=\"pod-entry__title\">\n\t\t\t\t<a href=\"https:\/\/audioblog.arteradio.com\/blog\/196960\/podcast\/216416\">Anarchives #4<\/a>\n\t\t\t<\/div>\n\t\t\t<div class=\"pod-entry__date\">28 novembre 2023<\/div>\n\t\t\t\t\t\t\t<div class=\"pod-entry__author\">Les pieds dans le plateau<\/div>\n\t\t\t\t\t<\/div>\n\t<\/div>\n<\/div>\n\n<div id=\"ppe-936-4\" class=\"episode-list__entry pod-entry\" data-search-term=\"anarchives #3\" data-cats=\"\">\n\t<div class=\"pod-entry__wrapper\">\n\t\t<div class=\"pod-entry__content\">\n\t\t\t<div class=\"pod-entry__title\">\n\t\t\t\t<a href=\"https:\/\/audioblog.arteradio.com\/blog\/196960\/podcast\/206515\">Anarchives #3<\/a>\n\t\t\t<\/div>\n\t\t\t<div class=\"pod-entry__date\">6 juin 2023<\/div>\n\t\t\t\t\t\t\t<div class=\"pod-entry__author\">Les pieds dans le plateau<\/div>\n\t\t\t\t\t<\/div>\n\t<\/div>\n<\/div>\n\n<div id=\"ppe-936-5\" class=\"episode-list__entry pod-entry\" data-search-term=\"anarchives #2\" data-cats=\"\">\n\t<div class=\"pod-entry__wrapper\">\n\t\t<div class=\"pod-entry__content\">\n\t\t\t<div class=\"pod-entry__title\">\n\t\t\t\t<a href=\"https:\/\/audioblog.arteradio.com\/blog\/196960\/podcast\/203000\">Anarchives #2<\/a>\n\t\t\t<\/div>\n\t\t\t<div class=\"pod-entry__date\">20 avril 2023<\/div>\n\t\t\t\t\t\t\t<div class=\"pod-entry__author\">Les pieds dans le plateau<\/div>\n\t\t\t\t\t<\/div>\n\t<\/div>\n<\/div>\n\n<div id=\"ppe-936-6\" class=\"episode-list__entry pod-entry\" data-search-term=\"anarchives #1\" data-cats=\"\">\n\t<div class=\"pod-entry__wrapper\">\n\t\t<div class=\"pod-entry__content\">\n\t\t\t<div class=\"pod-entry__title\">\n\t\t\t\t<a href=\"https:\/\/audioblog.arteradio.com\/blog\/196960\/podcast\/202991\">Anarchives #1<\/a>\n\t\t\t<\/div>\n\t\t\t<div class=\"pod-entry__date\">20 avril 2023<\/div>\n\t\t\t\t\t\t\t<div class=\"pod-entry__author\">Les pieds dans le plateau<\/div>\n\t\t\t\t\t<\/div>\n\t<\/div>\n<\/div>\n<div class=\"episode-list__search-results episode-search\"><span class=\"ppjs__offscreen\">Search Results placeholder<\/span><\/div><\/div><\/div><div class=\"ppjs__list-reveal\"><div class=\"ppjs__button\"><button class=\"pp-prev-btn\"><span class=\"ppjs__offscreen\">Previous Episode<\/span><span class=\"btn-icon-wrap\"><svg class=\"icon icon-pp-previous\" aria-hidden=\"true\" role=\"img\" focusable=\"false\"><use href=\"#icon-pp-previous\" xlink:href=\"#icon-pp-previous\"><\/use><\/svg><\/span><\/button><\/div><div class=\"ppjs__button\"><button class=\"pp-list-btn\"><span class=\"ppjs__offscreen\">Show Episodes List<\/span><span class=\"btn-icon-wrap\"><svg class=\"icon icon-pp-show-list\" aria-hidden=\"true\" role=\"img\" focusable=\"false\"><use href=\"#icon-pp-show-list\" xlink:href=\"#icon-pp-show-list\"><\/use><\/svg><svg class=\"icon icon-pp-hide-list\" aria-hidden=\"true\" role=\"img\" focusable=\"false\"><use href=\"#icon-pp-hide-list\" xlink:href=\"#icon-pp-hide-list\"><\/use><\/svg><\/span><\/button><\/div><div class=\"ppjs__button\"><button class=\"pp-next-btn\"><span class=\"ppjs__offscreen\">Next Episode<\/span><span class=\"btn-icon-wrap\"><svg class=\"icon icon-pp-next\" aria-hidden=\"true\" role=\"img\" focusable=\"false\"><use href=\"#icon-pp-next\" xlink:href=\"#icon-pp-next\"><\/use><\/svg><\/span><\/button><\/div><\/div><\/div><\/div><div class=\"pod-content__launcher pod-launch\"><button class=\"pod-launch__button pod-launch__info pod-button\" aria-expanded=\"false\"><span class=\"ppjs__offscreen\">Show Podcast Information<\/span><span class=\"btn-icon-wrap\"><svg class=\"icon icon-pp-podcast\" aria-hidden=\"true\" role=\"img\" focusable=\"false\"><use href=\"#icon-pp-podcast\" xlink:href=\"#icon-pp-podcast\"><\/use><\/svg><svg class=\"icon icon-pp-x\" aria-hidden=\"true\" role=\"img\" focusable=\"false\"><use href=\"#icon-pp-x\" xlink:href=\"#icon-pp-x\"><\/use><\/svg><\/span><\/button><\/div><\/div>\n\n\n\n<p><\/p>\n","protected":false},"excerpt":{"rendered":"","protected":false},"author":1,"featured_media":0,"parent":0,"menu_order":0,"comment_status":"closed","ping_status":"closed","template":"","meta":{"footnotes":""},"class_list":["post-760","page","type-page","status-publish","hentry"],"_links":{"self":[{"href":"https:\/\/lespiedsdansleplateau.fr\/index.php\/wp-json\/wp\/v2\/pages\/760","targetHints":{"allow":["GET"]}}],"collection":[{"href":"https:\/\/lespiedsdansleplateau.fr\/index.php\/wp-json\/wp\/v2\/pages"}],"about":[{"href":"https:\/\/lespiedsdansleplateau.fr\/index.php\/wp-json\/wp\/v2\/types\/page"}],"author":[{"embeddable":true,"href":"https:\/\/lespiedsdansleplateau.fr\/index.php\/wp-json\/wp\/v2\/users\/1"}],"replies":[{"embeddable":true,"href":"https:\/\/lespiedsdansleplateau.fr\/index.php\/wp-json\/wp\/v2\/comments?post=760"}],"version-history":[{"count":2,"href":"https:\/\/lespiedsdansleplateau.fr\/index.php\/wp-json\/wp\/v2\/pages\/760\/revisions"}],"predecessor-version":[{"id":763,"href":"https:\/\/lespiedsdansleplateau.fr\/index.php\/wp-json\/wp\/v2\/pages\/760\/revisions\/763"}],"wp:attachment":[{"href":"https:\/\/lespiedsdansleplateau.fr\/index.php\/wp-json\/wp\/v2\/media?parent=760"}],"curies":[{"name":"wp","href":"https:\/\/api.w.org\/{rel}","templated":true}]}}