{"id":768,"date":"2025-12-16T14:37:06","date_gmt":"2025-12-16T13:37:06","guid":{"rendered":"https:\/\/lespiedsdansleplateau.fr\/?page_id=768"},"modified":"2025-12-16T14:37:06","modified_gmt":"2025-12-16T13:37:06","slug":"on-va-sempiffrer","status":"publish","type":"page","link":"https:\/\/lespiedsdansleplateau.fr\/index.php\/on-va-sempiffrer\/","title":{"rendered":"On va s&#8217;empiffrer"},"content":{"rendered":"\t\t\t<style type=\"text\/css\"><\/style>\n\t\t\t<div id=\"pp-podcast-5176\" class=\"pp-podcast has-header header-hidden has-featured playerview media-audio\"  data-teaser=\"\" data-elength=\"18\" data-eunit=\"\" data-ppsdata=\"{&quot;ppe-5176-1&quot;:{&quot;title&quot;:&quot;04 On va s&#8217;empiffrer au grand caf\\u00e9 de Tenay #LPDLanniv&quot;,&quot;description&quot;:&quot;&lt;p&gt;On va s&#8217;empiffrer \\u00e0 Tenay, au grand caf\\u00e9&lt;\\\/p&gt;\\n&quot;,&quot;author&quot;:&quot;Les pieds dans le plateau&quot;,&quot;date&quot;:&quot;21 janvier 2026&quot;,&quot;link&quot;:&quot;https:\\\/\\\/audioblog.arteradio.com\\\/blog\\\/196960\\\/podcast\\\/267210&quot;,&quot;src&quot;:&quot;https:\\\/\\\/sons-audioblogs.arte.tv\\\/audioblogs\\\/v2\\\/sons\\\/196960\\\/267210\\\/podcast_267210_1JaAi.mp3&quot;,&quot;featured&quot;:&quot;https:\\\/\\\/lespiedsdansleplateau.fr\\\/wp-content\\\/uploads\\\/2026\\\/01\\\/origin_267210_kUjOp.jpeg&quot;,&quot;featured_id&quot;:818,&quot;mediatype&quot;:&quot;audio&quot;,&quot;season&quot;:0,&quot;categories&quot;:[],&quot;duration&quot;:&quot;58:01&quot;,&quot;episodetype&quot;:&quot;full&quot;,&quot;timestamp&quot;:1768986641,&quot;key&quot;:&quot;a0db54e26e3d8046f39fd523d80841b4&quot;,&quot;fset&quot;:&quot;https:\\\/\\\/lespiedsdansleplateau.fr\\\/wp-content\\\/uploads\\\/2026\\\/01\\\/origin_267210_kUjOp.jpeg 707w, https:\\\/\\\/lespiedsdansleplateau.fr\\\/wp-content\\\/uploads\\\/2026\\\/01\\\/origin_267210_kUjOp-207x300.jpeg 207w&quot;,&quot;fratio&quot;:1.4484375},&quot;ppe-5176-2&quot;:{&quot;title&quot;:&quot;02 on va s&#8217;empiffrer #LPDLpatin&quot;,&quot;description&quot;:&quot;&lt;p&gt;Pain et houmous rouge pour cet \\u00e9pisode d&rsquo;On va s&#8217;empiffrer!&lt;\\\/p&gt;\\n&quot;,&quot;author&quot;:&quot;Les pieds dans le plateau&quot;,&quot;date&quot;:&quot;16 d\\u00e9cembre 2025&quot;,&quot;link&quot;:&quot;https:\\\/\\\/audioblog.arteradio.com\\\/blog\\\/196960\\\/podcast\\\/265643&quot;,&quot;src&quot;:&quot;https:\\\/\\\/sons-audioblogs.arte.tv\\\/audioblogs\\\/v2\\\/sons\\\/196960\\\/265643\\\/podcast_265643_mH8Xi.mp3&quot;,&quot;featured&quot;:&quot;https:\\\/\\\/lespiedsdansleplateau.fr\\\/wp-content\\\/uploads\\\/2025\\\/12\\\/origin_265643_rGpD6.png&quot;,&quot;featured_id&quot;:784,&quot;mediatype&quot;:&quot;audio&quot;,&quot;season&quot;:0,&quot;categories&quot;:[],&quot;duration&quot;:&quot;56:58&quot;,&quot;episodetype&quot;:&quot;full&quot;,&quot;timestamp&quot;:1765919948,&quot;key&quot;:&quot;a07b6e247aad29f30143139488a9ae91&quot;,&quot;fset&quot;:&quot;https:\\\/\\\/lespiedsdansleplateau.fr\\\/wp-content\\\/uploads\\\/2025\\\/12\\\/origin_265643_rGpD6.png 725w, https:\\\/\\\/lespiedsdansleplateau.fr\\\/wp-content\\\/uploads\\\/2025\\\/12\\\/origin_265643_rGpD6-212x300.png 212w&quot;,&quot;fratio&quot;:1.4125},&quot;ppe-5176-3&quot;:{&quot;title&quot;:&quot;08 On va s\\u2019empiffrer #LPDLcour&quot;,&quot;description&quot;:&quot;&lt;p&gt;Petit d\\u00e9tour par la cantine , o\\u00f9 on ne becte pas&#8230; on mange&lt;\\\/p&gt;\\n&quot;,&quot;author&quot;:&quot;Les pieds dans le plateau&quot;,&quot;date&quot;:&quot;29 octobre 2025&quot;,&quot;link&quot;:&quot;https:\\\/\\\/audioblog.arteradio.com\\\/blog\\\/196960\\\/podcast\\\/262349&quot;,&quot;src&quot;:&quot;https:\\\/\\\/sons-audioblogs.arte.tv\\\/audioblogs\\\/v2\\\/sons\\\/196960\\\/262349\\\/podcast_262349_0E0Z7.mp3&quot;,&quot;featured&quot;:&quot;https:\\\/\\\/lespiedsdansleplateau.fr\\\/wp-content\\\/uploads\\\/2025\\\/12\\\/origin_262349_aPyNh.jpeg&quot;,&quot;featured_id&quot;:770,&quot;mediatype&quot;:&quot;audio&quot;,&quot;season&quot;:0,&quot;categories&quot;:[],&quot;duration&quot;:&quot;18:27&quot;,&quot;episodetype&quot;:&quot;full&quot;,&quot;timestamp&quot;:1761765443,&quot;key&quot;:&quot;bb0ececaca81232c24cb218adae9d51b&quot;,&quot;fset&quot;:&quot;https:\\\/\\\/lespiedsdansleplateau.fr\\\/wp-content\\\/uploads\\\/2025\\\/12\\\/origin_262349_aPyNh.jpeg 751w, https:\\\/\\\/lespiedsdansleplateau.fr\\\/wp-content\\\/uploads\\\/2025\\\/12\\\/origin_262349_aPyNh-300x225.jpeg 300w&quot;,&quot;fratio&quot;:0.75},&quot;ppe-5176-4&quot;:{&quot;title&quot;:&quot;02 on va s&#8217;empiffrer en Lozere #LPDLequinoxe&quot;,&quot;description&quot;:&quot;&lt;p&gt;On va s&#8217;empiffrer sur un march\\u00e9 en Loz\\u00e8re !&lt;\\\/p&gt;\\n&quot;,&quot;author&quot;:&quot;Les pieds dans le plateau&quot;,&quot;date&quot;:&quot;23 septembre 2025&quot;,&quot;link&quot;:&quot;https:\\\/\\\/audioblog.arteradio.com\\\/blog\\\/196960\\\/podcast\\\/260102&quot;,&quot;src&quot;:&quot;https:\\\/\\\/sons-audioblogs.arte.tv\\\/audioblogs\\\/v2\\\/sons\\\/196960\\\/260102\\\/podcast_260102_sEtE3.mp3&quot;,&quot;featured&quot;:&quot;https:\\\/\\\/sons-audioblogs.arte.tv\\\/audioblogs\\\/v2\\\/sons\\\/196960\\\/260102\\\/origin_260102_tF1Pb.png&quot;,&quot;featured_id&quot;:0,&quot;mediatype&quot;:&quot;audio&quot;,&quot;season&quot;:0,&quot;categories&quot;:[],&quot;duration&quot;:&quot;15:35&quot;,&quot;episodetype&quot;:&quot;full&quot;,&quot;timestamp&quot;:1758643440,&quot;key&quot;:&quot;9fbde5f011575f1aaf5117dbf7d79696&quot;,&quot;fset&quot;:&quot;&quot;,&quot;fratio&quot;:1},&quot;ppe-5176-5&quot;:{&quot;title&quot;:&quot;On va s&#8217;empiffrer, chronique&quot;,&quot;description&quot;:&quot;&lt;p&gt;On va s&#8217;empiffrer, chronique du manger bien !&lt;\\\/p&gt;\\n&quot;,&quot;author&quot;:&quot;Les pieds dans le plateau&quot;,&quot;date&quot;:&quot;13 janvier 2025&quot;,&quot;link&quot;:&quot;https:\\\/\\\/audioblog.arteradio.com\\\/blog\\\/196960\\\/podcast\\\/242623&quot;,&quot;src&quot;:&quot;https:\\\/\\\/sons-audioblogs.arte.tv\\\/audioblogs\\\/v2\\\/sons\\\/196960\\\/242623\\\/podcast_242623_wVr4y.mp3&quot;,&quot;featured&quot;:&quot;https:\\\/\\\/sons-audioblogs.arte.tv\\\/audioblogs\\\/v2\\\/sons\\\/196960\\\/242623\\\/origin_242623_t72R7.png&quot;,&quot;featured_id&quot;:0,&quot;mediatype&quot;:&quot;audio&quot;,&quot;season&quot;:0,&quot;categories&quot;:[],&quot;duration&quot;:&quot;12:02&quot;,&quot;episodetype&quot;:&quot;full&quot;,&quot;timestamp&quot;:1736766714,&quot;key&quot;:&quot;6435dd3ae39456ed17a9d7eb95e49d2a&quot;,&quot;fset&quot;:&quot;&quot;,&quot;fratio&quot;:1},&quot;ppe-5176-6&quot;:{&quot;title&quot;:&quot;On va s&#8217;empiffrer&quot;,&quot;description&quot;:&quot;&lt;p&gt;Youpi ! Encore une nouvelle recette !&lt;\\\/p&gt;\\n&quot;,&quot;author&quot;:&quot;Les pieds dans le plateau&quot;,&quot;date&quot;:&quot;6 novembre 2024&quot;,&quot;link&quot;:&quot;https:\\\/\\\/audioblog.arteradio.com\\\/blog\\\/196960\\\/podcast\\\/238167&quot;,&quot;src&quot;:&quot;https:\\\/\\\/sons-audioblogs.arte.tv\\\/audioblogs\\\/v2\\\/sons\\\/196960\\\/238167\\\/podcast_238167_y92Hi.mp3&quot;,&quot;featured&quot;:&quot;https:\\\/\\\/sons-audioblogs.arte.tv\\\/audioblogs\\\/v2\\\/sons\\\/196960\\\/238167\\\/origin_238167_6PnQx.jpeg&quot;,&quot;featured_id&quot;:0,&quot;mediatype&quot;:&quot;audio&quot;,&quot;season&quot;:0,&quot;categories&quot;:[],&quot;duration&quot;:&quot;08:37&quot;,&quot;episodetype&quot;:&quot;full&quot;,&quot;timestamp&quot;:1730913306,&quot;key&quot;:&quot;0b9216a6dedf7881cc7a886d5af863e1&quot;,&quot;fset&quot;:&quot;&quot;,&quot;fratio&quot;:1},&quot;ppe-5176-7&quot;:{&quot;title&quot;:&quot;On va s&#8217;empiffrer ! Les champignons&quot;,&quot;description&quot;:&quot;&lt;p&gt;L&rsquo;\\u00e9mission de cuisine des pieds dans le plateau, en direct du Khroma festival, et en champignons.Une cheffe cuisini\\u00e8re, deux cultivateurs de champignons, un tunnel dans lequel on fait pousser des shitak\\u00e9, une recette de boules puantes, et de la cuisine en direct !&lt;\\\/p&gt;\\n&quot;,&quot;author&quot;:&quot;Les pieds dans le plateau&quot;,&quot;date&quot;:&quot;24 septembre 2024&quot;,&quot;link&quot;:&quot;https:\\\/\\\/audioblog.arteradio.com\\\/blog\\\/196960\\\/podcast\\\/236056&quot;,&quot;src&quot;:&quot;https:\\\/\\\/sons-audioblogs.arte.tv\\\/audioblogs\\\/v2\\\/sons\\\/196960\\\/236056\\\/podcast_236056_48136.mp3&quot;,&quot;featured&quot;:&quot;https:\\\/\\\/sons-audioblogs.arte.tv\\\/audioblogs\\\/v2\\\/sons\\\/196960\\\/236056\\\/origin_236056_rTb7f.jpeg&quot;,&quot;featured_id&quot;:0,&quot;mediatype&quot;:&quot;audio&quot;,&quot;season&quot;:0,&quot;categories&quot;:[],&quot;duration&quot;:&quot;01:37:58&quot;,&quot;episodetype&quot;:&quot;full&quot;,&quot;timestamp&quot;:1727209022,&quot;key&quot;:&quot;beff62d5da1f02f7eb7efa317ad2d740&quot;,&quot;fset&quot;:&quot;&quot;,&quot;fratio&quot;:1},&quot;ppe-5176-8&quot;:{&quot;title&quot;:&quot;On va s&#8217;empiffrer #3&quot;,&quot;description&quot;:&quot;&lt;p&gt;L&rsquo;\\u00e9mission de cuisine des Pieds dans le Plateau !Hum des pattes&lt;\\\/p&gt;\\n&quot;,&quot;author&quot;:&quot;Les pieds dans le plateau&quot;,&quot;date&quot;:&quot;12 mars 2024&quot;,&quot;link&quot;:&quot;https:\\\/\\\/audioblog.arteradio.com\\\/blog\\\/196960\\\/podcast\\\/223672&quot;,&quot;src&quot;:&quot;https:\\\/\\\/sons-audioblogs.arte.tv\\\/audioblogs\\\/v2\\\/sons\\\/196960\\\/223672\\\/podcast_223672_2IdLf.mp3&quot;,&quot;featured&quot;:&quot;https:\\\/\\\/sons-audioblogs.arte.tv\\\/audioblogs\\\/v2\\\/sons\\\/196960\\\/223672\\\/origin_223672_9NtFq.jpeg&quot;,&quot;featured_id&quot;:0,&quot;mediatype&quot;:&quot;audio&quot;,&quot;season&quot;:0,&quot;categories&quot;:[],&quot;duration&quot;:&quot;01:00:00&quot;,&quot;episodetype&quot;:&quot;full&quot;,&quot;timestamp&quot;:1710278436,&quot;key&quot;:&quot;856518a428d37c390bd0e69da65a1029&quot;,&quot;fset&quot;:&quot;&quot;,&quot;fratio&quot;:1},&quot;ppe-5176-9&quot;:{&quot;title&quot;:&quot;On va s&#8217;empiffrer #2&quot;,&quot;description&quot;:&quot;&lt;p&gt;L&rsquo;\\u00e9mission de cuisine des Pieds dans le Plateau !&lt;\\\/p&gt;\\n&quot;,&quot;author&quot;:&quot;Les pieds dans le plateau&quot;,&quot;date&quot;:&quot;5 f\\u00e9vrier 2024&quot;,&quot;link&quot;:&quot;https:\\\/\\\/audioblog.arteradio.com\\\/blog\\\/196960\\\/podcast\\\/220990&quot;,&quot;src&quot;:&quot;https:\\\/\\\/sons-audioblogs.arte.tv\\\/audioblogs\\\/v2\\\/sons\\\/196960\\\/220990\\\/podcast_220990_m5g5h.mp3&quot;,&quot;featured&quot;:&quot;https:\\\/\\\/sons-audioblogs.arte.tv\\\/audioblogs\\\/v2\\\/sons\\\/196960\\\/220990\\\/origin_220990_yZgMz.jpeg&quot;,&quot;featured_id&quot;:0,&quot;mediatype&quot;:&quot;audio&quot;,&quot;season&quot;:0,&quot;categories&quot;:[],&quot;duration&quot;:&quot;10:07&quot;,&quot;episodetype&quot;:&quot;full&quot;,&quot;timestamp&quot;:1707165263,&quot;key&quot;:&quot;621b9e70511f7647f4a50c344f30890a&quot;,&quot;fset&quot;:&quot;&quot;,&quot;fratio&quot;:1},&quot;ppe-5176-10&quot;:{&quot;title&quot;:&quot;On va s&#8217;empiffrer #1&quot;,&quot;description&quot;:&quot;&lt;p&gt;L&rsquo;\\u00e9mission de cuisine des Pieds dans le Plateau!&lt;\\\/p&gt;\\n&quot;,&quot;author&quot;:&quot;Les pieds dans le plateau&quot;,&quot;date&quot;:&quot;14 janvier 2024&quot;,&quot;link&quot;:&quot;https:\\\/\\\/audioblog.arteradio.com\\\/blog\\\/196960\\\/podcast\\\/219349&quot;,&quot;src&quot;:&quot;https:\\\/\\\/sons-audioblogs.arte.tv\\\/audioblogs\\\/v2\\\/sons\\\/196960\\\/219349\\\/podcast_219349_m168o.mp3&quot;,&quot;featured&quot;:&quot;https:\\\/\\\/sons-audioblogs.arte.tv\\\/audioblogs\\\/v2\\\/sons\\\/196960\\\/219349\\\/origin_219349_dFaZu.jpeg&quot;,&quot;featured_id&quot;:0,&quot;mediatype&quot;:&quot;audio&quot;,&quot;season&quot;:0,&quot;categories&quot;:[],&quot;duration&quot;:&quot;55:10&quot;,&quot;episodetype&quot;:&quot;full&quot;,&quot;timestamp&quot;:1705249453,&quot;key&quot;:&quot;ae2c6e6d9e594183cb52abe02809867d&quot;,&quot;fset&quot;:&quot;&quot;,&quot;fratio&quot;:1},&quot;load_info&quot;:{&quot;loaded&quot;:10,&quot;displayed&quot;:10,&quot;offset&quot;:0,&quot;maxItems&quot;:10,&quot;src&quot;:&quot;d7c8cb3190147f282d8c01e1cee58f3d&quot;,&quot;step&quot;:10,&quot;sortby&quot;:&quot;sort_date_desc&quot;,&quot;filterby&quot;:&quot;empiffrer&quot;,&quot;fixed&quot;:&quot;&quot;,&quot;args&quot;:{&quot;imgurl&quot;:&quot;https:\\\/\\\/back-audioblog.arteradio.com\\\/sites\\\/default\\\/files\\\/pictures\\\/origin_196960_g5wBj.jpg&quot;,&quot;imgset&quot;:&quot;&quot;,&quot;display&quot;:&quot;&quot;,&quot;hddesc&quot;:0,&quot;hdfeat&quot;:0,&quot;oricov&quot;:&quot;https:\\\/\\\/back-audioblog.arteradio.com\\\/sites\\\/default\\\/files\\\/pictures\\\/origin_196960_g5wBj.jpg&quot;,&quot;elength&quot;:18}},&quot;rdata&quot;:{&quot;permalink&quot;:&quot;https:\\\/\\\/lespiedsdansleplateau.fr\\\/wp-json\\\/wp\\\/v2\\\/pages\\\/768&quot;,&quot;fprint&quot;:&quot;d7c8cb3190147f282d8c01e1cee58f3d&quot;,&quot;from&quot;:&quot;feedurl&quot;,&quot;elen&quot;:18,&quot;eunit&quot;:&quot;&quot;,&quot;teaser&quot;:&quot;&quot;,&quot;title&quot;:&quot;Les pieds dans le plateau&quot;,&quot;autoplay&quot;:&quot;autoplay&quot;}}\"><div class=\"pp-podcast__wrapper\"><div class=\"pp-podcast__info pod-info\"><div class=\"pod-info__header pod-header\"><div class=\"pod-header__image\"><div class=\"pod-header__image-wrapper\"><img decoding=\"async\" class=\"podcast-cover-image\" src=\"https:\/\/back-audioblog.arteradio.com\/sites\/default\/files\/pictures\/origin_196960_g5wBj.jpg\" srcset=\"\" sizes=\"(max-width: 640px) 100vw, 25vw\" alt=\"Les pieds dans le plateau\"><\/div><span class=\"pod-header__image-style\" style=\"display: block; width: 100%; padding-top: 100%\"><\/div><div class=\"pod-header__items pod-items\"><div class=\"pod-items__title\">Les pieds dans le plateau<\/div><div class=\"pod-items__desc\"><p>Et si on faisait de la radio ?Une vingtaine de personnes ont d\u00e9cid\u00e9 de cr\u00e9er une radio associative et libre dans le Bugey. Suivez leurs p\u00e9r\u00e9grinations radiophoniques !<\/p>\n<\/div><\/div><\/div><\/div><div class=\"pp-podcast__content pod-content\"><div class=\"pp-podcast__single\"><div class=\"pp-podcast__player\"><div class=\"pp-player-episode\"><audio id=\"pp-podcast-5176-player\" preload=\"none\" class=\"pp-podcast-episode\" style=\"width: 100%;\" controls=\"controls\"><source type=\"audio\/mpeg\" src=\"https:\/\/sons-audioblogs.arte.tv\/audioblogs\/v2\/sons\/196960\/267210\/podcast_267210_1JaAi.mp3\" \/><\/audio><\/div><\/div><div class=\"pod-content__episode episode-single\"><button class=\"episode-single__close\" aria-expanded=\"false\" aria-label=\"Close Single Episode\"><span class=\"btn-icon-wrap\"><svg class=\"icon icon-pp-x\" aria-hidden=\"true\" role=\"img\" focusable=\"false\"><use href=\"#icon-pp-x\" xlink:href=\"#icon-pp-x\"><\/use><\/svg><\/span><\/button><div class=\"episode-single__wrapper\"><div class=\"episode-single__header\"><div class=\"episode-single__title\">04 On va s&#8217;empiffrer au grand caf\u00e9 de Tenay #LPDLanniv<\/div><div class=\"episode-single__author\"><span class=\"byname\">by<\/span><span class=\"single-author\">Les pieds dans le plateau<\/span><\/div><\/div><div class=\"episode-single__description\"><p>On va s&#8217;empiffrer \u00e0 Tenay, au grand caf\u00e9<\/p><\/div><\/div><div class=\"ppjs__img-wrapper \"><div class=\"ppjs__img-btn-cover\"><img decoding=\"async\" class=\"ppjs__img-btn\" src=\"https:\/\/lespiedsdansleplateau.fr\/wp-content\/uploads\/2026\/01\/origin_267210_kUjOp.jpeg\" srcset=\"https:\/\/lespiedsdansleplateau.fr\/wp-content\/uploads\/2026\/01\/origin_267210_kUjOp.jpeg 707w, https:\/\/lespiedsdansleplateau.fr\/wp-content\/uploads\/2026\/01\/origin_267210_kUjOp-207x300.jpeg 207w\" sizes=\"(max-width: 640px) 100vw, 300px\" alt=\"04 On va s&#8217;empiffrer au grand caf\u00e9 de Tenay #LPDLanniv\"><\/div><div><span class=\"ppjs__img-btn-style\" style=\"display: block; width: 100%; padding-top: 144.84375%\"><\/div><\/div><\/div><\/div><div class=\"pod-content__list episode-list\"><div class=\"episode-list__filters\"><div class=\"episode-list__search\"><label class=\"label-episode-search\"><span class=\"ppjs__offscreen\">Search Episodes<\/span><input type=\"text\" placeholder=\"Search Episodes\" title=\"Search Podcast Episodes\"\/><\/label><span class=\"episode-list__search-icon\"><svg class=\"icon icon-pp-search\" aria-hidden=\"true\" role=\"img\" focusable=\"false\"><use href=\"#icon-pp-search\" xlink:href=\"#icon-pp-search\"><\/use><\/svg><\/span><\/div><button class=\"episode-list__clear-search pod-button\"><svg class=\"icon icon-pp-x\" aria-hidden=\"true\" role=\"img\" focusable=\"false\"><use href=\"#icon-pp-x\" xlink:href=\"#icon-pp-x\"><\/use><\/svg><span class=\"ppjs__offscreen\">Clear Search<\/span><\/button><\/div><div class=\"episode-list__wrapper\">\n<div id=\"ppe-5176-1\" class=\"episode-list__entry pod-entry\" data-search-term=\"04 on va s&#8217;empiffrer au grand caf\u00e9 de tenay #lpdlanniv\" data-cats=\"\">\n\t<div class=\"pod-entry__wrapper\">\n\t\t<div class=\"pod-entry__content\">\n\t\t\t<div class=\"pod-entry__title\">\n\t\t\t\t<a href=\"https:\/\/audioblog.arteradio.com\/blog\/196960\/podcast\/267210\">04 On va s&#8217;empiffrer au grand caf\u00e9 de Tenay #LPDLanniv<\/a>\n\t\t\t<\/div>\n\t\t\t<div class=\"pod-entry__date\">21 janvier 2026<\/div>\n\t\t\t\t\t\t\t<div class=\"pod-entry__author\">Les pieds dans le plateau<\/div>\n\t\t\t\t\t<\/div>\n\t<\/div>\n<\/div>\n\n<div id=\"ppe-5176-2\" class=\"episode-list__entry pod-entry\" data-search-term=\"02 on va s&#8217;empiffrer #lpdlpatin\" data-cats=\"\">\n\t<div class=\"pod-entry__wrapper\">\n\t\t<div class=\"pod-entry__content\">\n\t\t\t<div class=\"pod-entry__title\">\n\t\t\t\t<a href=\"https:\/\/audioblog.arteradio.com\/blog\/196960\/podcast\/265643\">02 on va s&#8217;empiffrer #LPDLpatin<\/a>\n\t\t\t<\/div>\n\t\t\t<div class=\"pod-entry__date\">16 d\u00e9cembre 2025<\/div>\n\t\t\t\t\t\t\t<div class=\"pod-entry__author\">Les pieds dans le plateau<\/div>\n\t\t\t\t\t<\/div>\n\t<\/div>\n<\/div>\n\n<div id=\"ppe-5176-3\" class=\"episode-list__entry pod-entry\" data-search-term=\"08 on va s\u2019empiffrer #lpdlcour\" data-cats=\"\">\n\t<div class=\"pod-entry__wrapper\">\n\t\t<div class=\"pod-entry__content\">\n\t\t\t<div class=\"pod-entry__title\">\n\t\t\t\t<a href=\"https:\/\/audioblog.arteradio.com\/blog\/196960\/podcast\/262349\">08 On va s\u2019empiffrer #LPDLcour<\/a>\n\t\t\t<\/div>\n\t\t\t<div class=\"pod-entry__date\">29 octobre 2025<\/div>\n\t\t\t\t\t\t\t<div class=\"pod-entry__author\">Les pieds dans le plateau<\/div>\n\t\t\t\t\t<\/div>\n\t<\/div>\n<\/div>\n\n<div id=\"ppe-5176-4\" class=\"episode-list__entry pod-entry\" data-search-term=\"02 on va s&#8217;empiffrer en lozere #lpdlequinoxe\" data-cats=\"\">\n\t<div class=\"pod-entry__wrapper\">\n\t\t<div class=\"pod-entry__content\">\n\t\t\t<div class=\"pod-entry__title\">\n\t\t\t\t<a href=\"https:\/\/audioblog.arteradio.com\/blog\/196960\/podcast\/260102\">02 on va s&#8217;empiffrer en Lozere #LPDLequinoxe<\/a>\n\t\t\t<\/div>\n\t\t\t<div class=\"pod-entry__date\">23 septembre 2025<\/div>\n\t\t\t\t\t\t\t<div class=\"pod-entry__author\">Les pieds dans le plateau<\/div>\n\t\t\t\t\t<\/div>\n\t<\/div>\n<\/div>\n\n<div id=\"ppe-5176-5\" class=\"episode-list__entry pod-entry\" data-search-term=\"on va s&#8217;empiffrer, chronique\" data-cats=\"\">\n\t<div class=\"pod-entry__wrapper\">\n\t\t<div class=\"pod-entry__content\">\n\t\t\t<div class=\"pod-entry__title\">\n\t\t\t\t<a href=\"https:\/\/audioblog.arteradio.com\/blog\/196960\/podcast\/242623\">On va s&#8217;empiffrer, chronique<\/a>\n\t\t\t<\/div>\n\t\t\t<div class=\"pod-entry__date\">13 janvier 2025<\/div>\n\t\t\t\t\t\t\t<div class=\"pod-entry__author\">Les pieds dans le plateau<\/div>\n\t\t\t\t\t<\/div>\n\t<\/div>\n<\/div>\n\n<div id=\"ppe-5176-6\" class=\"episode-list__entry pod-entry\" data-search-term=\"on va s&#8217;empiffrer\" data-cats=\"\">\n\t<div class=\"pod-entry__wrapper\">\n\t\t<div class=\"pod-entry__content\">\n\t\t\t<div class=\"pod-entry__title\">\n\t\t\t\t<a href=\"https:\/\/audioblog.arteradio.com\/blog\/196960\/podcast\/238167\">On va s&#8217;empiffrer<\/a>\n\t\t\t<\/div>\n\t\t\t<div class=\"pod-entry__date\">6 novembre 2024<\/div>\n\t\t\t\t\t\t\t<div class=\"pod-entry__author\">Les pieds dans le plateau<\/div>\n\t\t\t\t\t<\/div>\n\t<\/div>\n<\/div>\n\n<div id=\"ppe-5176-7\" class=\"episode-list__entry pod-entry\" data-search-term=\"on va s&#8217;empiffrer ! les champignons\" data-cats=\"\">\n\t<div class=\"pod-entry__wrapper\">\n\t\t<div class=\"pod-entry__content\">\n\t\t\t<div class=\"pod-entry__title\">\n\t\t\t\t<a href=\"https:\/\/audioblog.arteradio.com\/blog\/196960\/podcast\/236056\">On va s&#8217;empiffrer ! Les champignons<\/a>\n\t\t\t<\/div>\n\t\t\t<div class=\"pod-entry__date\">24 septembre 2024<\/div>\n\t\t\t\t\t\t\t<div class=\"pod-entry__author\">Les pieds dans le plateau<\/div>\n\t\t\t\t\t<\/div>\n\t<\/div>\n<\/div>\n\n<div id=\"ppe-5176-8\" class=\"episode-list__entry pod-entry\" data-search-term=\"on va s&#8217;empiffrer #3\" data-cats=\"\">\n\t<div class=\"pod-entry__wrapper\">\n\t\t<div class=\"pod-entry__content\">\n\t\t\t<div class=\"pod-entry__title\">\n\t\t\t\t<a href=\"https:\/\/audioblog.arteradio.com\/blog\/196960\/podcast\/223672\">On va s&#8217;empiffrer #3<\/a>\n\t\t\t<\/div>\n\t\t\t<div class=\"pod-entry__date\">12 mars 2024<\/div>\n\t\t\t\t\t\t\t<div class=\"pod-entry__author\">Les pieds dans le plateau<\/div>\n\t\t\t\t\t<\/div>\n\t<\/div>\n<\/div>\n\n<div id=\"ppe-5176-9\" class=\"episode-list__entry pod-entry\" data-search-term=\"on va s&#8217;empiffrer #2\" data-cats=\"\">\n\t<div class=\"pod-entry__wrapper\">\n\t\t<div class=\"pod-entry__content\">\n\t\t\t<div class=\"pod-entry__title\">\n\t\t\t\t<a href=\"https:\/\/audioblog.arteradio.com\/blog\/196960\/podcast\/220990\">On va s&#8217;empiffrer #2<\/a>\n\t\t\t<\/div>\n\t\t\t<div class=\"pod-entry__date\">5 f\u00e9vrier 2024<\/div>\n\t\t\t\t\t\t\t<div class=\"pod-entry__author\">Les pieds dans le plateau<\/div>\n\t\t\t\t\t<\/div>\n\t<\/div>\n<\/div>\n\n<div id=\"ppe-5176-10\" class=\"episode-list__entry pod-entry\" data-search-term=\"on va s&#8217;empiffrer #1\" data-cats=\"\">\n\t<div class=\"pod-entry__wrapper\">\n\t\t<div class=\"pod-entry__content\">\n\t\t\t<div class=\"pod-entry__title\">\n\t\t\t\t<a href=\"https:\/\/audioblog.arteradio.com\/blog\/196960\/podcast\/219349\">On va s&#8217;empiffrer #1<\/a>\n\t\t\t<\/div>\n\t\t\t<div class=\"pod-entry__date\">14 janvier 2024<\/div>\n\t\t\t\t\t\t\t<div class=\"pod-entry__author\">Les pieds dans le plateau<\/div>\n\t\t\t\t\t<\/div>\n\t<\/div>\n<\/div>\n<div class=\"episode-list__search-results episode-search\"><span class=\"ppjs__offscreen\">Search Results placeholder<\/span><\/div><\/div><\/div><div class=\"ppjs__list-reveal\"><div class=\"ppjs__button\"><button class=\"pp-prev-btn\"><span class=\"ppjs__offscreen\">Previous Episode<\/span><span class=\"btn-icon-wrap\"><svg class=\"icon icon-pp-previous\" aria-hidden=\"true\" role=\"img\" focusable=\"false\"><use href=\"#icon-pp-previous\" xlink:href=\"#icon-pp-previous\"><\/use><\/svg><\/span><\/button><\/div><div class=\"ppjs__button\"><button class=\"pp-list-btn\"><span class=\"ppjs__offscreen\">Show Episodes List<\/span><span class=\"btn-icon-wrap\"><svg class=\"icon icon-pp-show-list\" aria-hidden=\"true\" role=\"img\" focusable=\"false\"><use href=\"#icon-pp-show-list\" xlink:href=\"#icon-pp-show-list\"><\/use><\/svg><svg class=\"icon icon-pp-hide-list\" aria-hidden=\"true\" role=\"img\" focusable=\"false\"><use href=\"#icon-pp-hide-list\" xlink:href=\"#icon-pp-hide-list\"><\/use><\/svg><\/span><\/button><\/div><div class=\"ppjs__button\"><button class=\"pp-next-btn\"><span class=\"ppjs__offscreen\">Next Episode<\/span><span class=\"btn-icon-wrap\"><svg class=\"icon icon-pp-next\" aria-hidden=\"true\" role=\"img\" focusable=\"false\"><use href=\"#icon-pp-next\" xlink:href=\"#icon-pp-next\"><\/use><\/svg><\/span><\/button><\/div><\/div><\/div><\/div><div class=\"pod-content__launcher pod-launch\"><button class=\"pod-launch__button pod-launch__info pod-button\" aria-expanded=\"false\"><span class=\"ppjs__offscreen\">Show Podcast Information<\/span><span class=\"btn-icon-wrap\"><svg class=\"icon icon-pp-podcast\" aria-hidden=\"true\" role=\"img\" focusable=\"false\"><use href=\"#icon-pp-podcast\" xlink:href=\"#icon-pp-podcast\"><\/use><\/svg><svg class=\"icon icon-pp-x\" aria-hidden=\"true\" role=\"img\" focusable=\"false\"><use href=\"#icon-pp-x\" xlink:href=\"#icon-pp-x\"><\/use><\/svg><\/span><\/button><\/div><\/div>\n","protected":false},"excerpt":{"rendered":"","protected":false},"author":1,"featured_media":0,"parent":0,"menu_order":0,"comment_status":"closed","ping_status":"closed","template":"","meta":{"footnotes":""},"class_list":["post-768","page","type-page","status-publish","hentry"],"_links":{"self":[{"href":"https:\/\/lespiedsdansleplateau.fr\/index.php\/wp-json\/wp\/v2\/pages\/768","targetHints":{"allow":["GET"]}}],"collection":[{"href":"https:\/\/lespiedsdansleplateau.fr\/index.php\/wp-json\/wp\/v2\/pages"}],"about":[{"href":"https:\/\/lespiedsdansleplateau.fr\/index.php\/wp-json\/wp\/v2\/types\/page"}],"author":[{"embeddable":true,"href":"https:\/\/lespiedsdansleplateau.fr\/index.php\/wp-json\/wp\/v2\/users\/1"}],"replies":[{"embeddable":true,"href":"https:\/\/lespiedsdansleplateau.fr\/index.php\/wp-json\/wp\/v2\/comments?post=768"}],"version-history":[{"count":2,"href":"https:\/\/lespiedsdansleplateau.fr\/index.php\/wp-json\/wp\/v2\/pages\/768\/revisions"}],"predecessor-version":[{"id":771,"href":"https:\/\/lespiedsdansleplateau.fr\/index.php\/wp-json\/wp\/v2\/pages\/768\/revisions\/771"}],"wp:attachment":[{"href":"https:\/\/lespiedsdansleplateau.fr\/index.php\/wp-json\/wp\/v2\/media?parent=768"}],"curies":[{"name":"wp","href":"https:\/\/api.w.org\/{rel}","templated":true}]}}