{"id":775,"date":"2025-12-16T14:40:05","date_gmt":"2025-12-16T13:40:05","guid":{"rendered":"https:\/\/lespiedsdansleplateau.fr\/?page_id=775"},"modified":"2025-12-16T14:42:03","modified_gmt":"2025-12-16T13:42:03","slug":"ziks-feministes","status":"publish","type":"page","link":"https:\/\/lespiedsdansleplateau.fr\/index.php\/ziks-feministes\/","title":{"rendered":"Ziks f\u00e9ministes"},"content":{"rendered":"\t\t\t<style type=\"text\/css\"><\/style>\n\t\t\t<div id=\"pp-podcast-4619\" class=\"pp-podcast has-header header-hidden has-featured playerview media-audio\"  data-teaser=\"\" data-elength=\"18\" data-eunit=\"\" data-ppsdata=\"{&quot;ppe-4619-1&quot;:{&quot;title&quot;:&quot;18 ziks feministe #LPDLanniv&quot;,&quot;description&quot;:&quot;&lt;p&gt;Zik feminist : Ce n&rsquo;est pas un retour de l&rsquo;\\u00e9mission, juste un moyen de finir notre journ\\u00e9e des 3 ans en musique ! Voici la playlist : Capuche &#8211; Helena (Vive la nouvelle g\\u00e9n\\u00e9ration !)Virile &#8211; Suzane (Ce genre de message sur les grandes ondes, \\u00e7a fait du bien !)L&rsquo;heure a sonn\\u00e9 &#8211; Tinaa Anti Patriarca &#8211; Ana Tijoux Qu&rsquo;est ce que tu comprends pas &#8211; Les p&rsquo;tites bourrettes (A l&rsquo;ancienne..)Run the world &#8211; Beyonce (Grand classique)Players &#8211; Coi Leray (&lsquo;Cause girls are players too !)Somos hermanas &#8211; Mel Mu\\u00f1izBouge de l\\u00e0 &#8211; Nathalie Froehlich (J&rsquo;ai chop\\u00e9 la rage, fais tes rappels de vaccins !)&lt;\\\/p&gt;\\n&quot;,&quot;author&quot;:&quot;Les pieds dans le plateau&quot;,&quot;date&quot;:&quot;21 janvier 2026&quot;,&quot;link&quot;:&quot;https:\\\/\\\/audioblog.arteradio.com\\\/blog\\\/196960\\\/podcast\\\/267251&quot;,&quot;src&quot;:&quot;https:\\\/\\\/sons-audioblogs.arte.tv\\\/audioblogs\\\/v2\\\/sons\\\/196960\\\/267251\\\/podcast_267251_1Jm1l.mp3&quot;,&quot;featured&quot;:&quot;https:\\\/\\\/lespiedsdansleplateau.fr\\\/wp-content\\\/uploads\\\/2026\\\/01\\\/origin_267251_lH34y.jpeg&quot;,&quot;featured_id&quot;:816,&quot;mediatype&quot;:&quot;audio&quot;,&quot;season&quot;:0,&quot;categories&quot;:[],&quot;duration&quot;:&quot;33:37&quot;,&quot;episodetype&quot;:&quot;full&quot;,&quot;timestamp&quot;:1769027280,&quot;key&quot;:&quot;6f552ac1aecc23ee9bc527f79934de73&quot;,&quot;fset&quot;:&quot;https:\\\/\\\/lespiedsdansleplateau.fr\\\/wp-content\\\/uploads\\\/2026\\\/01\\\/origin_267251_lH34y.jpeg 707w, https:\\\/\\\/lespiedsdansleplateau.fr\\\/wp-content\\\/uploads\\\/2026\\\/01\\\/origin_267251_lH34y-207x300.jpeg 207w&quot;,&quot;fratio&quot;:1.4484375},&quot;ppe-4619-2&quot;:{&quot;title&quot;:&quot;Ziks f\\u00e9ministes #4&quot;,&quot;description&quot;:&quot;&lt;p&gt;Laure nous propose encore une belle \\u00e9mission musicale f\\u00e9ministe !&lt;\\\/p&gt;\\n&quot;,&quot;author&quot;:&quot;Les pieds dans le plateau&quot;,&quot;date&quot;:&quot;21 mai 2024&quot;,&quot;link&quot;:&quot;https:\\\/\\\/audioblog.arteradio.com\\\/blog\\\/196960\\\/podcast\\\/229281&quot;,&quot;src&quot;:&quot;https:\\\/\\\/sons-audioblogs.arte.tv\\\/audioblogs\\\/v2\\\/sons\\\/196960\\\/229281\\\/podcast_229281_pZvBs.mp3&quot;,&quot;featured&quot;:&quot;https:\\\/\\\/lespiedsdansleplateau.fr\\\/wp-content\\\/uploads\\\/2025\\\/12\\\/origin_229281_z6vRw-768x791.png&quot;,&quot;featured_id&quot;:774,&quot;mediatype&quot;:&quot;audio&quot;,&quot;season&quot;:0,&quot;categories&quot;:[],&quot;duration&quot;:&quot;45:01&quot;,&quot;episodetype&quot;:&quot;full&quot;,&quot;timestamp&quot;:1716286756,&quot;key&quot;:&quot;9e536f15a1cb725518473b018b59ac28&quot;,&quot;fset&quot;:&quot;https:\\\/\\\/lespiedsdansleplateau.fr\\\/wp-content\\\/uploads\\\/2025\\\/12\\\/origin_229281_z6vRw-768x791.png 768w, https:\\\/\\\/lespiedsdansleplateau.fr\\\/wp-content\\\/uploads\\\/2025\\\/12\\\/origin_229281_z6vRw-291x300.png 291w, https:\\\/\\\/lespiedsdansleplateau.fr\\\/wp-content\\\/uploads\\\/2025\\\/12\\\/origin_229281_z6vRw-994x1024.png 994w, https:\\\/\\\/lespiedsdansleplateau.fr\\\/wp-content\\\/uploads\\\/2025\\\/12\\\/origin_229281_z6vRw-1491x1536.png 1491w, https:\\\/\\\/lespiedsdansleplateau.fr\\\/wp-content\\\/uploads\\\/2025\\\/12\\\/origin_229281_z6vRw.png 1552w&quot;,&quot;fratio&quot;:1.0296875},&quot;ppe-4619-3&quot;:{&quot;title&quot;:&quot;Ziks f\\u00e9ministes #3&quot;,&quot;description&quot;:&quot;&lt;p&gt;3\\u00e8me \\u00e9pisode, avec des invit\\u00e9es.Trigger warning : th\\u00e9matique lourde : Violences sexuellesPlaylist : Douce maison &#8211; Anne Sylvestre4h du matin &#8211; Lous &amp; the yakuzaJe veux rentrer &#8211; Coeur de pirateInnocente &#8211; Lo DyOn m&rsquo;a fait la haine &#8211; Linda LemayJe te crois &#8211; Lucie JoyTu n&rsquo;es pas seule &#8211; Dimanche, choeur de femmesVioler oklm &#8211; Guiedr\\u00e9Pri\\u00e8re pour soi &#8211; Barbara Pravi&lt;\\\/p&gt;\\n&quot;,&quot;author&quot;:&quot;Les pieds dans le plateau&quot;,&quot;date&quot;:&quot;12 mars 2024&quot;,&quot;link&quot;:&quot;https:\\\/\\\/audioblog.arteradio.com\\\/blog\\\/196960\\\/podcast\\\/223686&quot;,&quot;src&quot;:&quot;https:\\\/\\\/sons-audioblogs.arte.tv\\\/audioblogs\\\/v2\\\/sons\\\/196960\\\/223686\\\/podcast_223686_gRd40.mp3&quot;,&quot;featured&quot;:&quot;https:\\\/\\\/sons-audioblogs.arte.tv\\\/audioblogs\\\/v2\\\/sons\\\/196960\\\/223686\\\/origin_223686_e465i.jpeg&quot;,&quot;featured_id&quot;:0,&quot;mediatype&quot;:&quot;audio&quot;,&quot;season&quot;:0,&quot;categories&quot;:[],&quot;duration&quot;:&quot;58:32&quot;,&quot;episodetype&quot;:&quot;full&quot;,&quot;timestamp&quot;:1710284338,&quot;key&quot;:&quot;97ffe6a142538918090df74e94894bf7&quot;,&quot;fset&quot;:&quot;&quot;,&quot;fratio&quot;:1},&quot;ppe-4619-4&quot;:{&quot;title&quot;:&quot;Ziks f\\u00e9ministes #2&quot;,&quot;description&quot;:&quot;&lt;p&gt;.2\\u00e8me \\u00e9pisode, par Nina, Anna &amp; Laure.Th\\u00e8matique pr\\u00e9 8 mars : R\\u00e9volte, r\\u00e9volution et chants de manifs !Playlist : Aux armes citoyennes &#8211; ZazieL\\u00e8ve toi &#8211; Brabara PraviNo me toques mal &#8211; La muchachaLa cancion sin miedo &#8211; Vivir QuintanaAmazones &#8211; Hero echoParit\\u00e9 &#8211; Femmouzes TPyromanes &#8211; Clara Ys\\u00e9Martyre de la cause &#8211; Mathilde&lt;\\\/p&gt;\\n&quot;,&quot;author&quot;:&quot;Les pieds dans le plateau&quot;,&quot;date&quot;:&quot;6 f\\u00e9vrier 2024&quot;,&quot;link&quot;:&quot;https:\\\/\\\/audioblog.arteradio.com\\\/blog\\\/196960\\\/podcast\\\/221101&quot;,&quot;src&quot;:&quot;https:\\\/\\\/sons-audioblogs.arte.tv\\\/audioblogs\\\/v2\\\/sons\\\/196960\\\/221101\\\/podcast_221101_w5j6t.mp3&quot;,&quot;featured&quot;:&quot;https:\\\/\\\/sons-audioblogs.arte.tv\\\/audioblogs\\\/v2\\\/sons\\\/196960\\\/221101\\\/origin_221101_78252.jpeg&quot;,&quot;featured_id&quot;:0,&quot;mediatype&quot;:&quot;audio&quot;,&quot;season&quot;:0,&quot;categories&quot;:[],&quot;duration&quot;:&quot;01:02:40&quot;,&quot;episodetype&quot;:&quot;full&quot;,&quot;timestamp&quot;:1707249248,&quot;key&quot;:&quot;452ce31306aba03b75b88809ddb40771&quot;,&quot;fset&quot;:&quot;&quot;,&quot;fratio&quot;:1},&quot;ppe-4619-5&quot;:{&quot;title&quot;:&quot;Ziks f\\u00e9ministes #1&quot;,&quot;description&quot;:&quot;&lt;p&gt;Premier \\u00e9pisode de l&rsquo;\\u00e9mission Zik Feministes ! L&rsquo;id\\u00e9e \\u00e9tant d&rsquo;inviter des femmes \\u00e0 pr\\u00e9senter leurs chansons pr\\u00e9f\\u00e9r\\u00e9es, en soulevant des th\\u00e9matiques  f\\u00e9ministes, et en pr\\u00e9sentant uniquement des artistes feminines.La playlist : Sororit\\u00e9 &#8211; Claire LaffutDebout les femmes &#8211; 39 femmesSisters &#8211; Fleche LoveDouce &#8211; Clara Ys\\u00e9Bonsoir &#8211; Leila HuissoudUne sorci\\u00e8re comme les autres &#8211; Anne SylvestreSi j&rsquo;\\u00e9tais un homme &#8211; ChillaSuzane &#8211; SuzanePisser debout &#8211; Guiedr\\u00e9&lt;\\\/p&gt;\\n&quot;,&quot;author&quot;:&quot;Les pieds dans le plateau&quot;,&quot;date&quot;:&quot;14 janvier 2024&quot;,&quot;link&quot;:&quot;https:\\\/\\\/audioblog.arteradio.com\\\/blog\\\/196960\\\/podcast\\\/219341&quot;,&quot;src&quot;:&quot;https:\\\/\\\/sons-audioblogs.arte.tv\\\/audioblogs\\\/v2\\\/sons\\\/196960\\\/219341\\\/podcast_219341_w816t.mp3&quot;,&quot;featured&quot;:&quot;https:\\\/\\\/sons-audioblogs.arte.tv\\\/audioblogs\\\/v2\\\/sons\\\/196960\\\/219341\\\/origin_219341_53aU0.jpeg&quot;,&quot;featured_id&quot;:0,&quot;mediatype&quot;:&quot;audio&quot;,&quot;season&quot;:0,&quot;categories&quot;:[],&quot;duration&quot;:&quot;47:43&quot;,&quot;episodetype&quot;:&quot;full&quot;,&quot;timestamp&quot;:1705247008,&quot;key&quot;:&quot;65011b7571049cb752e5dfa0fc981447&quot;,&quot;fset&quot;:&quot;&quot;,&quot;fratio&quot;:1},&quot;load_info&quot;:{&quot;loaded&quot;:5,&quot;displayed&quot;:10,&quot;offset&quot;:0,&quot;maxItems&quot;:5,&quot;src&quot;:&quot;d7c8cb3190147f282d8c01e1cee58f3d&quot;,&quot;step&quot;:10,&quot;sortby&quot;:&quot;sort_date_desc&quot;,&quot;filterby&quot;:&quot;ziks&quot;,&quot;fixed&quot;:&quot;&quot;,&quot;args&quot;:{&quot;imgurl&quot;:&quot;https:\\\/\\\/back-audioblog.arteradio.com\\\/sites\\\/default\\\/files\\\/pictures\\\/origin_196960_g5wBj.jpg&quot;,&quot;imgset&quot;:&quot;&quot;,&quot;display&quot;:&quot;&quot;,&quot;hddesc&quot;:0,&quot;hdfeat&quot;:0,&quot;oricov&quot;:&quot;https:\\\/\\\/back-audioblog.arteradio.com\\\/sites\\\/default\\\/files\\\/pictures\\\/origin_196960_g5wBj.jpg&quot;,&quot;elength&quot;:18}},&quot;rdata&quot;:{&quot;permalink&quot;:&quot;https:\\\/\\\/lespiedsdansleplateau.fr\\\/wp-json\\\/wp\\\/v2\\\/pages\\\/775&quot;,&quot;fprint&quot;:&quot;d7c8cb3190147f282d8c01e1cee58f3d&quot;,&quot;from&quot;:&quot;feedurl&quot;,&quot;elen&quot;:18,&quot;eunit&quot;:&quot;&quot;,&quot;teaser&quot;:&quot;&quot;,&quot;title&quot;:&quot;Les pieds dans le plateau&quot;,&quot;autoplay&quot;:&quot;autoplay&quot;}}\"><div class=\"pp-podcast__wrapper\"><div class=\"pp-podcast__info pod-info\"><div class=\"pod-info__header pod-header\"><div class=\"pod-header__image\"><div class=\"pod-header__image-wrapper\"><img decoding=\"async\" class=\"podcast-cover-image\" src=\"https:\/\/back-audioblog.arteradio.com\/sites\/default\/files\/pictures\/origin_196960_g5wBj.jpg\" srcset=\"\" sizes=\"(max-width: 640px) 100vw, 25vw\" alt=\"Les pieds dans le plateau\"><\/div><span class=\"pod-header__image-style\" style=\"display: block; width: 100%; padding-top: 100%\"><\/div><div class=\"pod-header__items pod-items\"><div class=\"pod-items__title\">Les pieds dans le plateau<\/div><div class=\"pod-items__desc\"><p>Et si on faisait de la radio ?Une vingtaine de personnes ont d\u00e9cid\u00e9 de cr\u00e9er une radio associative et libre dans le Bugey. Suivez leurs p\u00e9r\u00e9grinations radiophoniques !<\/p>\n<\/div><\/div><\/div><\/div><div class=\"pp-podcast__content pod-content\"><div class=\"pp-podcast__single\"><div class=\"pp-podcast__player\"><div class=\"pp-player-episode\"><audio id=\"pp-podcast-4619-player\" preload=\"none\" class=\"pp-podcast-episode\" style=\"width: 100%;\" controls=\"controls\"><source type=\"audio\/mpeg\" src=\"https:\/\/sons-audioblogs.arte.tv\/audioblogs\/v2\/sons\/196960\/267251\/podcast_267251_1Jm1l.mp3\" \/><\/audio><\/div><\/div><div class=\"pod-content__episode episode-single\"><button class=\"episode-single__close\" aria-expanded=\"false\" aria-label=\"Close Single Episode\"><span class=\"btn-icon-wrap\"><svg class=\"icon icon-pp-x\" aria-hidden=\"true\" role=\"img\" focusable=\"false\"><use href=\"#icon-pp-x\" xlink:href=\"#icon-pp-x\"><\/use><\/svg><\/span><\/button><div class=\"episode-single__wrapper\"><div class=\"episode-single__header\"><div class=\"episode-single__title\">18 ziks feministe #LPDLanniv<\/div><div class=\"episode-single__author\"><span class=\"byname\">by<\/span><span class=\"single-author\">Les pieds dans le plateau<\/span><\/div><\/div><div class=\"episode-single__description\"><p>Zik feminist : Ce n&rsquo;est pas un retour de l&rsquo;\u00e9mission, juste un moyen de finir notre journ\u00e9e des 3 ans en musique ! Voici la playlist : Capuche &#8211; Helena (Vive la nouvelle g\u00e9n\u00e9ration !)Virile &#8211; Suzane (Ce genre de message sur les grandes ondes, \u00e7a fait du bien !)L&rsquo;heure a sonn\u00e9 &#8211; Tinaa Anti Patriarca &#8211; Ana Tijoux Qu&rsquo;est ce que tu comprends pas &#8211; Les p&rsquo;tites bourrettes (A l&rsquo;ancienne..)Run the world &#8211; Beyonce (Grand classique)Players &#8211; Coi Leray (&lsquo;Cause girls are players too !)Somos hermanas &#8211; Mel Mu\u00f1izBouge de l\u00e0 &#8211; Nathalie Froehlich (J&rsquo;ai chop\u00e9 la rage, fais tes rappels de vaccins !)<\/p><\/div><\/div><div class=\"ppjs__img-wrapper \"><div class=\"ppjs__img-btn-cover\"><img decoding=\"async\" class=\"ppjs__img-btn\" src=\"https:\/\/lespiedsdansleplateau.fr\/wp-content\/uploads\/2026\/01\/origin_267251_lH34y.jpeg\" srcset=\"https:\/\/lespiedsdansleplateau.fr\/wp-content\/uploads\/2026\/01\/origin_267251_lH34y.jpeg 707w, https:\/\/lespiedsdansleplateau.fr\/wp-content\/uploads\/2026\/01\/origin_267251_lH34y-207x300.jpeg 207w\" sizes=\"(max-width: 640px) 100vw, 300px\" alt=\"18 ziks feministe #LPDLanniv\"><\/div><div><span class=\"ppjs__img-btn-style\" style=\"display: block; width: 100%; padding-top: 144.84375%\"><\/div><\/div><\/div><\/div><div class=\"pod-content__list episode-list\"><div class=\"episode-list__filters\"><div class=\"episode-list__search\"><label class=\"label-episode-search\"><span class=\"ppjs__offscreen\">Search Episodes<\/span><input type=\"text\" placeholder=\"Search Episodes\" title=\"Search Podcast Episodes\"\/><\/label><span class=\"episode-list__search-icon\"><svg class=\"icon icon-pp-search\" aria-hidden=\"true\" role=\"img\" focusable=\"false\"><use href=\"#icon-pp-search\" xlink:href=\"#icon-pp-search\"><\/use><\/svg><\/span><\/div><button class=\"episode-list__clear-search pod-button\"><svg class=\"icon icon-pp-x\" aria-hidden=\"true\" role=\"img\" focusable=\"false\"><use href=\"#icon-pp-x\" xlink:href=\"#icon-pp-x\"><\/use><\/svg><span class=\"ppjs__offscreen\">Clear Search<\/span><\/button><\/div><div class=\"episode-list__wrapper\">\n<div id=\"ppe-4619-1\" class=\"episode-list__entry pod-entry\" data-search-term=\"18 ziks feministe #lpdlanniv\" data-cats=\"\">\n\t<div class=\"pod-entry__wrapper\">\n\t\t<div class=\"pod-entry__content\">\n\t\t\t<div class=\"pod-entry__title\">\n\t\t\t\t<a href=\"https:\/\/audioblog.arteradio.com\/blog\/196960\/podcast\/267251\">18 ziks feministe #LPDLanniv<\/a>\n\t\t\t<\/div>\n\t\t\t<div class=\"pod-entry__date\">21 janvier 2026<\/div>\n\t\t\t\t\t\t\t<div class=\"pod-entry__author\">Les pieds dans le plateau<\/div>\n\t\t\t\t\t<\/div>\n\t<\/div>\n<\/div>\n\n<div id=\"ppe-4619-2\" class=\"episode-list__entry pod-entry\" data-search-term=\"ziks f\u00e9ministes #4\" data-cats=\"\">\n\t<div class=\"pod-entry__wrapper\">\n\t\t<div class=\"pod-entry__content\">\n\t\t\t<div class=\"pod-entry__title\">\n\t\t\t\t<a href=\"https:\/\/audioblog.arteradio.com\/blog\/196960\/podcast\/229281\">Ziks f\u00e9ministes #4<\/a>\n\t\t\t<\/div>\n\t\t\t<div class=\"pod-entry__date\">21 mai 2024<\/div>\n\t\t\t\t\t\t\t<div class=\"pod-entry__author\">Les pieds dans le plateau<\/div>\n\t\t\t\t\t<\/div>\n\t<\/div>\n<\/div>\n\n<div id=\"ppe-4619-3\" class=\"episode-list__entry pod-entry\" data-search-term=\"ziks f\u00e9ministes #3\" data-cats=\"\">\n\t<div class=\"pod-entry__wrapper\">\n\t\t<div class=\"pod-entry__content\">\n\t\t\t<div class=\"pod-entry__title\">\n\t\t\t\t<a href=\"https:\/\/audioblog.arteradio.com\/blog\/196960\/podcast\/223686\">Ziks f\u00e9ministes #3<\/a>\n\t\t\t<\/div>\n\t\t\t<div class=\"pod-entry__date\">12 mars 2024<\/div>\n\t\t\t\t\t\t\t<div class=\"pod-entry__author\">Les pieds dans le plateau<\/div>\n\t\t\t\t\t<\/div>\n\t<\/div>\n<\/div>\n\n<div id=\"ppe-4619-4\" class=\"episode-list__entry pod-entry\" data-search-term=\"ziks f\u00e9ministes #2\" data-cats=\"\">\n\t<div class=\"pod-entry__wrapper\">\n\t\t<div class=\"pod-entry__content\">\n\t\t\t<div class=\"pod-entry__title\">\n\t\t\t\t<a href=\"https:\/\/audioblog.arteradio.com\/blog\/196960\/podcast\/221101\">Ziks f\u00e9ministes #2<\/a>\n\t\t\t<\/div>\n\t\t\t<div class=\"pod-entry__date\">6 f\u00e9vrier 2024<\/div>\n\t\t\t\t\t\t\t<div class=\"pod-entry__author\">Les pieds dans le plateau<\/div>\n\t\t\t\t\t<\/div>\n\t<\/div>\n<\/div>\n\n<div id=\"ppe-4619-5\" class=\"episode-list__entry pod-entry\" data-search-term=\"ziks f\u00e9ministes #1\" data-cats=\"\">\n\t<div class=\"pod-entry__wrapper\">\n\t\t<div class=\"pod-entry__content\">\n\t\t\t<div class=\"pod-entry__title\">\n\t\t\t\t<a href=\"https:\/\/audioblog.arteradio.com\/blog\/196960\/podcast\/219341\">Ziks f\u00e9ministes #1<\/a>\n\t\t\t<\/div>\n\t\t\t<div class=\"pod-entry__date\">14 janvier 2024<\/div>\n\t\t\t\t\t\t\t<div class=\"pod-entry__author\">Les pieds dans le plateau<\/div>\n\t\t\t\t\t<\/div>\n\t<\/div>\n<\/div>\n<div class=\"episode-list__search-results episode-search\"><span class=\"ppjs__offscreen\">Search Results placeholder<\/span><\/div><\/div><\/div><div class=\"ppjs__list-reveal\"><div class=\"ppjs__button\"><button class=\"pp-prev-btn\"><span class=\"ppjs__offscreen\">Previous Episode<\/span><span class=\"btn-icon-wrap\"><svg class=\"icon icon-pp-previous\" aria-hidden=\"true\" role=\"img\" focusable=\"false\"><use href=\"#icon-pp-previous\" xlink:href=\"#icon-pp-previous\"><\/use><\/svg><\/span><\/button><\/div><div class=\"ppjs__button\"><button class=\"pp-list-btn\"><span class=\"ppjs__offscreen\">Show Episodes List<\/span><span class=\"btn-icon-wrap\"><svg class=\"icon icon-pp-show-list\" aria-hidden=\"true\" role=\"img\" focusable=\"false\"><use href=\"#icon-pp-show-list\" xlink:href=\"#icon-pp-show-list\"><\/use><\/svg><svg class=\"icon icon-pp-hide-list\" aria-hidden=\"true\" role=\"img\" focusable=\"false\"><use href=\"#icon-pp-hide-list\" xlink:href=\"#icon-pp-hide-list\"><\/use><\/svg><\/span><\/button><\/div><div class=\"ppjs__button\"><button class=\"pp-next-btn\"><span class=\"ppjs__offscreen\">Next Episode<\/span><span class=\"btn-icon-wrap\"><svg class=\"icon icon-pp-next\" aria-hidden=\"true\" role=\"img\" focusable=\"false\"><use href=\"#icon-pp-next\" xlink:href=\"#icon-pp-next\"><\/use><\/svg><\/span><\/button><\/div><\/div><\/div><\/div><div class=\"pod-content__launcher pod-launch\"><button class=\"pod-launch__button pod-launch__info pod-button\" aria-expanded=\"false\"><span class=\"ppjs__offscreen\">Show Podcast Information<\/span><span class=\"btn-icon-wrap\"><svg class=\"icon icon-pp-podcast\" aria-hidden=\"true\" role=\"img\" focusable=\"false\"><use href=\"#icon-pp-podcast\" xlink:href=\"#icon-pp-podcast\"><\/use><\/svg><svg class=\"icon icon-pp-x\" aria-hidden=\"true\" role=\"img\" focusable=\"false\"><use href=\"#icon-pp-x\" xlink:href=\"#icon-pp-x\"><\/use><\/svg><\/span><\/button><\/div><\/div>\n","protected":false},"excerpt":{"rendered":"","protected":false},"author":1,"featured_media":0,"parent":0,"menu_order":0,"comment_status":"closed","ping_status":"closed","template":"","meta":{"footnotes":""},"class_list":["post-775","page","type-page","status-publish","hentry"],"_links":{"self":[{"href":"https:\/\/lespiedsdansleplateau.fr\/index.php\/wp-json\/wp\/v2\/pages\/775","targetHints":{"allow":["GET"]}}],"collection":[{"href":"https:\/\/lespiedsdansleplateau.fr\/index.php\/wp-json\/wp\/v2\/pages"}],"about":[{"href":"https:\/\/lespiedsdansleplateau.fr\/index.php\/wp-json\/wp\/v2\/types\/page"}],"author":[{"embeddable":true,"href":"https:\/\/lespiedsdansleplateau.fr\/index.php\/wp-json\/wp\/v2\/users\/1"}],"replies":[{"embeddable":true,"href":"https:\/\/lespiedsdansleplateau.fr\/index.php\/wp-json\/wp\/v2\/comments?post=775"}],"version-history":[{"count":2,"href":"https:\/\/lespiedsdansleplateau.fr\/index.php\/wp-json\/wp\/v2\/pages\/775\/revisions"}],"predecessor-version":[{"id":777,"href":"https:\/\/lespiedsdansleplateau.fr\/index.php\/wp-json\/wp\/v2\/pages\/775\/revisions\/777"}],"wp:attachment":[{"href":"https:\/\/lespiedsdansleplateau.fr\/index.php\/wp-json\/wp\/v2\/media?parent=775"}],"curies":[{"name":"wp","href":"https:\/\/api.w.org\/{rel}","templated":true}]}}